{"id":170,"date":"2024-11-12T00:36:38","date_gmt":"2024-11-11T23:36:38","guid":{"rendered":"https:\/\/duska.org\/?page_id=170"},"modified":"2024-11-12T00:36:38","modified_gmt":"2024-11-11T23:36:38","slug":"a-propos","status":"publish","type":"page","link":"https:\/\/duska.org\/index.php\/a-propos\/","title":{"rendered":"\u00e0 propos"},"content":{"rendered":"<p><img data-recalc-dims=\"1\" fetchpriority=\"high\" decoding=\"async\" class=\"alignnone wp-image-69 size-full\" src=\"https:\/\/i0.wp.com\/duska.org\/wp-content\/uploads\/2024\/11\/IMG-20210114-WA0007.jpg?resize=560%2C421\" alt=\"\" width=\"560\" height=\"421\" srcset=\"https:\/\/i0.wp.com\/duska.org\/wp-content\/uploads\/2024\/11\/IMG-20210114-WA0007.jpg?w=1080&amp;ssl=1 1080w, https:\/\/i0.wp.com\/duska.org\/wp-content\/uploads\/2024\/11\/IMG-20210114-WA0007.jpg?resize=300%2C225&amp;ssl=1 300w, https:\/\/i0.wp.com\/duska.org\/wp-content\/uploads\/2024\/11\/IMG-20210114-WA0007.jpg?resize=1024%2C769&amp;ssl=1 1024w, https:\/\/i0.wp.com\/duska.org\/wp-content\/uploads\/2024\/11\/IMG-20210114-WA0007.jpg?resize=768%2C577&amp;ssl=1 768w, https:\/\/i0.wp.com\/duska.org\/wp-content\/uploads\/2024\/11\/IMG-20210114-WA0007.jpg?resize=400%2C300&amp;ssl=1 400w, https:\/\/i0.wp.com\/duska.org\/wp-content\/uploads\/2024\/11\/IMG-20210114-WA0007.jpg?resize=800%2C601&amp;ssl=1 800w\" sizes=\"(max-width: 560px) 100vw, 560px\" \/><\/p>\n<blockquote><p>Du\u0161ka, cosmos matriciel<br \/>\nEn que\u0302te de lumie\u0300re, l\u2019\u0153uvre de Du\u0161ka traduit cette ferveur mystique qui ne doit rien a\u0300 la bigoterie mais tout au myste\u0300re. Elle e\u0301voque une sorte de re\u0302ve des plane\u0300tes, ainsi qu\u2019un univers a\u0300 la fois oce\u0301anique et intergalactique ou\u0300 l\u2019air et l\u2019eau s\u2019entrelacent dans la rondeur. Tous deux participent a\u0300 l\u2019harmonie des sphe\u0300res a\u0300 laquelle les pythagoriciens ont voue\u0301 leurs e\u0301tudes et leur contemplation.<br \/>\nDu\u0161ka nous conduit ainsi vers le cosmos matriciel, la Me\u0300re universelle qui nous engendre, nous autres les e\u0302tres de songes et de sang, d\u2019astres et d\u2019algues, puisque nous sommes a\u0300 la fois poussie\u0300res d\u2019e\u0301toiles et rejetons du monde marin.<\/p><\/blockquote>\n<p>Jean-Noe\u0308l Cue\u0301nod<\/p>\n<p><img data-recalc-dims=\"1\" decoding=\"async\" class=\"alignnone wp-image-114 size-full\" src=\"https:\/\/i0.wp.com\/duska.org\/wp-content\/uploads\/2024\/11\/fotoatelier.jpg?resize=560%2C420\" alt=\"\" width=\"560\" height=\"420\" srcset=\"https:\/\/i0.wp.com\/duska.org\/wp-content\/uploads\/2024\/11\/fotoatelier.jpg?w=814&amp;ssl=1 814w, https:\/\/i0.wp.com\/duska.org\/wp-content\/uploads\/2024\/11\/fotoatelier.jpg?resize=300%2C225&amp;ssl=1 300w, https:\/\/i0.wp.com\/duska.org\/wp-content\/uploads\/2024\/11\/fotoatelier.jpg?resize=768%2C576&amp;ssl=1 768w, https:\/\/i0.wp.com\/duska.org\/wp-content\/uploads\/2024\/11\/fotoatelier.jpg?resize=400%2C300&amp;ssl=1 400w, https:\/\/i0.wp.com\/duska.org\/wp-content\/uploads\/2024\/11\/fotoatelier.jpg?resize=800%2C600&amp;ssl=1 800w\" sizes=\"(max-width: 560px) 100vw, 560px\" \/><\/p>\n<blockquote><p>DU\u0160KA &#8211; Il est des temps&#8230; Il est un temps&#8230;<br \/>\nIl est &#8230;un entre-deux; l&#8217;\u0153uvre de Du\u0161ka nous entrai\u0302ne dans l&#8217;aventure des entre-deux! Mondes mouvants par excellence: entre-deux terrestres, ciel-terre, entre-deux lumie\u0300res&#8230;<br \/>\nLa lumie\u0300re ouvre le passage, ou les passages; c&#8217;est elle qui pousse a\u0300 poursuivre. Hante\u0301e par la capture de la lumie\u0300re, Du\u0161ka veut non seulement la de\u0301crypter mais la saisir, s&#8217;en nourrir et en transcrire la Beaute\u0301, l&#8217;essence me\u0302me.<br \/>\nDepuis de nombreuses anne\u0301es, elle s&#8217;efforce de l&#8217;apprivoiser, d&#8217;un monde a\u0300 un autre: lumie\u0300re de la terre, lumie\u0300re des autres plane\u0300tes, d&#8217;autres galaxies, lumie\u0300re entre ce monde et&#8230; l&#8217;autre, cet Au-Dela\u0300 fascinant: on sait si peu de choses de cet entre-deux, entre deux vies! Patiemment, par les glacis, par ces milliers de points, elle figure ce flot arc-en-ciel.<br \/>\nCe ne sont point les consid\u00e9rations physiques et scientifiques qui l&#8217;int\u00e9ressent mais la lumi\u00e8re du Temps. Avec elle, nous nous retrouvons \u00e0 voyager dans ses arcanes, aux confins des transmissions, aspirations, interrogations philosophiques et spirituelles, r\u00e9v\u00e9lant des mondes fragment\u00e9s, recompos\u00e9s, riches des accumulations ancestrales.<br \/>\nLes bleus, les orang\u00e9s nous font voguer entre des cieux \u00e9toil\u00e9s, donnant chair \u00e0 l&#8217;invisible &#8211; dont elle aimerait tant d\u00e9chirer le voile! et \u00e0 l&#8217;inexprimable.<br \/>\nEt sa peinture se fait musique, se fait silence, ce silence qui magnifie les m\u00e9lodies, les symphonies, peinture porteuse des luminosit\u00e9s mill\u00e9naires.<br \/>\nBleu de Prusse ou bleu roi, bleu lavande ou bleu \u00e9lectrique, orang\u00e9 ou corail, ces luminescences d\u00e9voilent un lien puissant avec le sacr\u00e9, avec l&#8217;h\u00e9ritage de l&#8217;humanit\u00e9. Lumi\u00e8res, lueurs, clart\u00e9s accentuent, densifient ou all\u00e8gent l&#8217;immensit\u00e9 : miroitement, fondu-encha\u00een\u00e9, cama\u00efeux, les lignes se brouillent, les couleurs vibrent en une polyphonie aux temporalit\u00e9s multiples, ritualis\u00e9es.<br \/>\nEspace et Temps se rejoignent alors : il n&#8217;y a plus qu&#8217;un pr\u00e9sent d&#8217;Eternit\u00e9 o\u00f9 les mondes fusionnent : quintessence originelle.<br \/>\nLa lumi\u00e8re du Temps, hors champ, hors temps, issue de l&#8217;essence m\u00eame de la vie, ouvre la porte des espaces, la porte du ciel, cette porte subtile de&#8221; l&#8217;absence-pr\u00e9sence&#8221;, celle des au-del\u00e0, l\u00e0 o\u00f9 il n&#8217;y a plus que l&#8217;indicible, profondeurs intimes, un c\u0153ur \u00e0 c\u0153ur o\u00f9 les temps se content.<br \/>\nL&#8217;\u0153uvre de Du\u0161ka dialogue avec cette M\u00e9moire des temps, des origines, des hommes; elle en sublime les entre-deux, pleinement ressentis &#8211; &#8220;Homme, qu&#8217;as-tu fait de leur temps ?&#8221; pourrait-elle dire. M\u00e9moire des \u00e2mes&#8230;<br \/>\nEspaces sacr\u00e9s, au milieu du Temps, hors du temps, ils se racontent !<\/p><\/blockquote>\n<p>G-Le\u0301o<\/p>\n","protected":false},"excerpt":{"rendered":"<p>Du\u0161ka, cosmos matriciel En que\u0302te de lumie\u0300re, l\u2019\u0153uvre de Du\u0161ka traduit cette ferveur mystique qui ne doit rien a\u0300 la bigoterie mais tout au myste\u0300re. Elle e\u0301voque une sorte de re\u0302ve des plane\u0300tes, ainsi qu\u2019un univers a\u0300 la fois oce\u0301anique et intergalactique ou\u0300 l\u2019air et l\u2019eau s\u2019entrelacent dans la rondeur. Tous deux participent a\u0300 l\u2019harmonie [&hellip;]<\/p>\n","protected":false},"author":1,"featured_media":0,"parent":0,"menu_order":0,"comment_status":"closed","ping_status":"closed","template":"","meta":{"footnotes":""},"class_list":["post-170","page","type-page","status-publish","hentry","missing-thumbnail"],"jetpack_sharing_enabled":true,"_links":{"self":[{"href":"https:\/\/duska.org\/index.php\/wp-json\/wp\/v2\/pages\/170","targetHints":{"allow":["GET"]}}],"collection":[{"href":"https:\/\/duska.org\/index.php\/wp-json\/wp\/v2\/pages"}],"about":[{"href":"https:\/\/duska.org\/index.php\/wp-json\/wp\/v2\/types\/page"}],"author":[{"embeddable":true,"href":"https:\/\/duska.org\/index.php\/wp-json\/wp\/v2\/users\/1"}],"replies":[{"embeddable":true,"href":"https:\/\/duska.org\/index.php\/wp-json\/wp\/v2\/comments?post=170"}],"version-history":[{"count":1,"href":"https:\/\/duska.org\/index.php\/wp-json\/wp\/v2\/pages\/170\/revisions"}],"predecessor-version":[{"id":171,"href":"https:\/\/duska.org\/index.php\/wp-json\/wp\/v2\/pages\/170\/revisions\/171"}],"wp:attachment":[{"href":"https:\/\/duska.org\/index.php\/wp-json\/wp\/v2\/media?parent=170"}],"curies":[{"name":"wp","href":"https:\/\/api.w.org\/{rel}","templated":true}]}}